{"id":976,"date":"2022-03-22T09:32:12","date_gmt":"2022-03-22T08:32:12","guid":{"rendered":"https:\/\/le-besso.ch\/?page_id=976"},"modified":"2026-04-20T11:12:11","modified_gmt":"2026-04-20T09:12:11","slug":"angebote","status":"publish","type":"page","link":"https:\/\/le-besso.ch\/de\/angebote\/","title":{"rendered":"Angebote"},"content":{"rendered":"\n<div class=\"wp-block-group\"><div class=\"wp-block-group__inner-container is-layout-flow wp-block-group-is-layout-flow\">\n\n<div id=\"banner-block_39e69d799c7c8c42ad621edbfd77811f\" class=\"c-block-title-page text--center mb-xs-30 mb-xs-80\">\n    <h1 class=\"title__page\"><strong>Spezielles Angebote<\/strong><\/h1>\n        <h2 class=\"title__page\">NUTZEN SIE UNSERE ANGEBOTE DAS GANZE JAHR \u00dcBER.<\/h2>\n    <\/div>\n<\/div><\/div>\n\n\n\n\n<div id=\"block-block_71ddf7fa31d1095409a991c854514e9f\" class=\"c-block-offre container mb-xs-70\">\n   <div class=\"c-block-offre__title\"><h2><strong>ANNIVIERS LIBERT\u00c9 &#038; MAGIC PASS<\/h2><\/strong><\/div>\n   <div class=\"flex-row flex-col-md-2 flex-col-sm-2\">\n       <div class=\"col mb-xs-40\">\n            <div class=\"c-block-offre__img\">\n                <img decoding=\"async\" src=\"https:\/\/le-besso.ch\/wp-content\/uploads\/2021\/12\/hotel-europe-zinal-offres-en-anniviers-logo-magic-pass-2@2x.png\" alt=\"\">\n            <\/div>\n            <div class=\"c-block-offre__content\">\n                <p>Magic Pass ist ein Jahresabonnement, das ab der Sommerer\u00f6ffnung der Gebiete im Mai bis zum Ende der folgenden Wintersaison g\u00fcltig ist, und freien Zugang zu allen Installationen unserer Partner bietet.<\/p>\n            <\/div>\n                        <div class=\"c-block-offre__cta\">\n                <a href=\"https:\/\/www.magicpass.ch\/fr\/\" target=\"_blank\" class=\"btn btn-secondary\">Weitere informationen<\/a>\n            <\/div>\n                   <\/div>\n       <div class=\"col mb-xs-40\">\n            <div class=\"c-block-offre__img\">\n                <img decoding=\"async\" src=\"https:\/\/le-besso.ch\/wp-content\/uploads\/2025\/06\/Logo-AL-version-2025.png\" alt=\"\">\n            <\/div>\n            <div class=\"c-block-offre__content\">\n                <p>Anniviers libert\u00e9 Leistungen: \u2013 50% Erm\u00e4ssigung f\u00fcr die Remont\u00e9es M\u00e9caniques d\u2019Anniviers, Hallenbad\/Schwimmbad, Tennispl\u00e4tze, Minigolf, freier Zutritt zu mehreren kulturellen Einrichtungen, Vergabe des Passes ab einer \u00dcbernachtung in Anniviers.<\/p>\n            <\/div>\n                        <div class=\"c-block-offre__cta\">\n                <a href=\"https:\/\/www.valdanniviers.ch\/fr\/Z15088\/pass-anniviers-liberte\" target=\"_blank\" class=\"btn btn-secondary\">Weitere informationen<\/a>\n            <\/div>\n                   <\/div>\n   <\/div>\n<\/div>\n\n\n\n\n<section id=\"banner-block_f212872c6c7f94cdb511ddbabb712345\" class=\"c-block-text-image mb-md-150 mb-xs-70 alignleft\">\n    <div class=\"c-block-text-image__grid grid\">\n        <div class=\"c-block-text-image__text-container cell-x-xs-2-12 cell-x-sm-7-7 cell-y-xs-2-1 cell-y-sm-1-2 cell-front vert-flex\">\n            <div class=\"c-block-text-image__text\">\n                <div><h2><strong>ALTITUDE CO&#8217;WORKING <span style=\"color: #6e6e6e;\">: <\/span><\/strong><strong>ARBEIT UND VERGN\u00dcGEN VEREINEN<\/strong><\/h2>\n<p>Als mobiler Mitarbeiter haben Sie w\u00e4hrend Ihres Aufenthalts einen Tag lang kostenlosen Zugang zum Co-Working Space und erhalten einen Vorzugspreis f\u00fcr Ihre \u00dcbernachtungen in Anniviers.<\/p>\n<p>Dieses spezielle \u201eCoworking\u201c-Angebot, das es Ihnen erm\u00f6glicht, in einer inspirierenden Atmosph\u00e4re zu arbeiten und Ihre Pausen in der Natur zu verbringen, beinhaltet:<\/p>\n<p><strong>&#8211; 10% Erm\u00e4\u00dfigung auf Einzelzimmer, Fr\u00fchst\u00fcck inbegriffen.<\/strong><br \/>\n&#8211; Highspeed-Wi-Fi-Verbindung<br \/>\n&#8211; 1 Tag gratis in einem Coworking Space Ihrer Wahl :<br \/>\nVissoie- Espace Anniviers : <a href=\"http:\/\/www.espace-anniviers.ch\">www.espace-anniviers.ch<\/a><br \/>\nGrimentz &#8211; Coworking Grimentz: <a href=\"http:\/\/www.coworking-grimentz.ch\">www.coworking-grimentz.ch<\/a><\/p>\n<p>&nbsp;<\/p>\n<p>Buchung\u00a0: <a href=\"mailto:reservations@grimentz-zinal.ch\">reservations@grimentz-zinal.ch<\/a> \u201eAngebot Coworking Hotel Le Le Bsso\u201c.<\/p>\n<\/div>\n                                <a href=\"mailto:reservations@grimentz-zinal.ch\" target=\"_blank\" class=\"btn btn-primary mt-xs-30\">Nutzen Sie das Angebot <\/a>\n                            <\/div>\n        <\/div>\n        <div class=\"c-block-text-image__image parallax-up cell-x-xs-1-14 cell-x-sm-2-9 cell-y-xs-1-1 cell-y-sm-1-2 vert-flex\">\n            <img decoding=\"async\" src=\"https:\/\/le-besso.ch\/wp-content\/uploads\/sites\/7\/2023\/04\/pexels-jeshoots-238118-scaled.jpg\" alt=\"\" width=1130>\n        <\/div>\n    <\/div>\n<\/section>\n\n\n\n\n<section id=\"banner-block_90deeafc9d4c5394d725777d46675834\" class=\"c-block-text-image mb-md-150 mb-xs-70 alignright\">\n    <div class=\"c-block-text-image__grid grid\">\n        <div class=\"c-block-text-image__text-container cell-x-xs-2-12 cell-x-sm-2-7 cell-y-xs-2-1 cell-y-sm-1-2 cell-front vert-flex\">\n            <div class=\"c-block-text-image__text\">\n                <div><h2><span style=\"color: #787878;\"><strong>EINZIGARTIGES BIKEERLEBNIS<\/strong><\/span><\/h2>\n<p>\u2013 2 N\u00e4chte im Doppelzimmer<br \/>\n\u2013 Vollpension mit picnic f\u00fcr Mittag<br \/>\n\u2013 Willkommensgetr\u00e4nk an Anreise<br \/>\n\u2013 Eintritt ins Hallenbad (geschlossen am Montag)<br \/>\n\u2013 50% an Seilbahnen<br \/>\n\u2013 Gratis Aussenparkplatz<br \/>\n\u2013 Veloraum<br \/>\n&#8211; Ladestation f\u00fcr Elektrofahrr\u00e4der<br \/>\n&#8211; Zugang zur Werkstatt, die mit einem Reparaturst\u00e4nder und Werkzeugen ausgestattet ist<\/p>\n<p>&nbsp;<\/p>\n<p>Reservierung: <a href=\"mailto:reservations@grimentz-zinal.ch\">reservations@grimentz-zinal.ch<\/a> mit dem Vermerk &#8222;Fahrradangebot Le Besso&#8220;.<\/p>\n<\/div>\n                                <a href=\"mailto:reservations@grimentz-zinal.ch\"  class=\"btn btn-primary mt-xs-30\">Das Angebot nutzen<\/a>\n                            <\/div>\n        <\/div>\n        <div class=\"c-block-text-image__image parallax-up cell-x-xs-1-14 cell-x-sm-5-9 cell-y-xs-1-1 cell-y-sm-1-2 vert-flex\">\n            <img decoding=\"async\" src=\"https:\/\/le-besso.ch\/wp-content\/uploads\/sites\/7\/2022\/10\/FUNI0359-scaled.jpg\" alt=\"\" width=1130>\n        <\/div>\n    <\/div>\n<\/section>\n\n\n\n\n<section id=\"banner-block_b3559731ee7cde7ce8d529306ea43e86\" class=\"c-block-text-image mb-md-150 mb-xs-70 alignleft\">\n    <div class=\"c-block-text-image__grid grid\">\n        <div class=\"c-block-text-image__text-container cell-x-xs-2-12 cell-x-sm-7-7 cell-y-xs-2-1 cell-y-sm-1-2 cell-front vert-flex\">\n            <div class=\"c-block-text-image__text\">\n                <div><h2><span style=\"color: #787878;\"><strong>DURCH DIE FARBENPR\u00c4CHTIGE LANDSCHAFT WANDERN<\/strong><\/span><\/h2>\n<p>\u2013 2 N\u00e4chte im Doppelzimmer<br \/>\n\u2013 Fr\u00fchst\u00fcck<br \/>\n\u2013 Willkommensgetr\u00e4nk an Anreise<br \/>\n\u2013 3 Gang Abendessen am Ankunftstag<br \/>\n\u2013 50% an Seilbahnen<br \/>\n\u2013 Gratis Aussenparkplatz<br \/>\n\u2013 Freier Zugang zum Schwimmbad (geschlossen am Montag)<\/p>\n<p>&nbsp;<\/p>\n<p>Reservierung : <a href=\"mailto:reservations@grimentz-zinal.ch\">reservations@grimentz-zinal.ch<\/a> mit dem Vermerk &#8222;Herbstangebot Le Besso&#8220;.<\/p>\n<\/div>\n                                <a href=\"mailto:reservations@grimentz-zinal.ch\"  class=\"btn btn-primary mt-xs-30\">Das Angebot nutzen<\/a>\n                            <\/div>\n        <\/div>\n        <div class=\"c-block-text-image__image parallax-up cell-x-xs-1-14 cell-x-sm-2-9 cell-y-xs-1-1 cell-y-sm-1-2 vert-flex\">\n            <img decoding=\"async\" src=\"https:\/\/le-besso.ch\/wp-content\/uploads\/sites\/7\/2022\/05\/Tour2500_7-1-low.jpg\" alt=\"\" width=1130>\n        <\/div>\n    <\/div>\n<\/section>\n\n\n\n\n<section id=\"banner-block_5a7fa936c735fb3028e4ee6aedf1a1b9\" class=\"c-block-text-image mb-md-150 mb-xs-70 alignright\">\n    <div class=\"c-block-text-image__grid grid\">\n        <div class=\"c-block-text-image__text-container cell-x-xs-2-12 cell-x-sm-2-7 cell-y-xs-2-1 cell-y-sm-1-2 cell-front vert-flex\">\n            <div class=\"c-block-text-image__text\">\n                <div><h2><span style=\"color: #787878;\"><strong>ENTDECKE DEN WINTER IN EINEM MALERISCHEN BERGDORF<\/strong><\/span><\/h2>\n<p>\u2013 2 N\u00e4chte im Doppelzimmer<br \/>\n\u2013 Halbpension<br \/>\n\u2013 Willkommensgetr\u00e4nk an Anreise<br \/>\n\u2013 Gratis Aussenparkplatz<\/p>\n<p>&nbsp;<\/p>\n<p>Reservierung: <a href=\"mailto:reservations@grimentz-zinal.ch\">reservations@grimentz-zinal.ch<\/a> mit dem Vermerk &#8222;Winterangebot Le Besso&#8220;.<\/p>\n<\/div>\n                                <a href=\"mailto:reservations@grimentz-zinal.ch\"  class=\"btn btn-primary mt-xs-30\">Das Angebot nutzen<\/a>\n                            <\/div>\n        <\/div>\n        <div class=\"c-block-text-image__image parallax-up cell-x-xs-1-14 cell-x-sm-5-9 cell-y-xs-1-1 cell-y-sm-1-2 vert-flex\">\n            <img decoding=\"async\" src=\"https:\/\/le-besso.ch\/wp-content\/uploads\/sites\/7\/2022\/01\/Zinal-ski-paques.jpg\" alt=\"\" width=1130>\n        <\/div>\n    <\/div>\n<\/section>\n\n\n\n\n<aside id=\"banner-block_65d8451c4baed554f33c43da49dad879\" class=\"c-block-banner-cta  my-md-120 my-xs-70\">\n    <div class=\"c container\">\n        <div class=\"banner-cta__content\">\n            <div class=\"banner-cta__figure\">\n              \n                5%\n                <span><\/span>\n             \n               \n            <\/div>\n            <div class=\"banner-cta__text\">\n                <h2>Buchen Sie online auf unserer Website<\/h2>\n<p>Wenn Sie Ihr Zimmer direkt buchen, garantieren wir Ihnen den besten Preis!<br \/>\nProfitieren Sie au\u00dferdem bei einer Online-Buchung \u00fcber unsere Website von einem Rabatt von 5%.<\/p>\n            <\/div>\n            <div class=\"banner-cta__button\">\n                <a href=\"#booking\"  class=\"btn btn-cta\">Jetzt buchen<\/a>\n            <\/div>\n        <\/div>\n    <\/div>\n<\/aside>\n\n\n<div class=\"wp-block-group pt-xs-70 bg--gray-light\"><div class=\"wp-block-group__inner-container is-layout-flow wp-block-group-is-layout-flow\">\n<h2 class=\"wp-block-heading has-text-align-center mb-xs-50\"><strong>Aktivit\u00e4ten<\/strong><\/h2>\n\n\n\n<div class=\"wp-block-columns is-layout-flex wp-container-core-columns-is-layout-9d6595d7 wp-block-columns-is-layout-flex\">\n<div class=\"wp-block-column is-layout-flow wp-block-column-is-layout-flow\">\n\n<div id=\"block-block_ec69a96a7c5dde6b2c30c4ec2aeb44f6\" class=\"c-block-service mb-md-60 mb-xs-40\">\n   \n    <div class=\"c-block-service__img\">\n        <img decoding=\"async\" src=\"https:\/\/le-besso.ch\/wp-content\/uploads\/sites\/7\/2021\/12\/hotel-europe-zinal-contact-acces-picto-materiel-chaussure-marche.svg\" alt=\"\">\n    <\/div>\n    <div class=\"c-block-service__title\">\n        <h2 class=\"title__small\">Aktivit\u00e4ten in Anniviers<\/h2>\n    <\/div>\n    <div class=\"c-block-service__content\">\n        <ul>\n<li style=\"text-align: center;\"><a href=\"http:\/\/www.valdanniviers.ch\/\" target=\"_blank\" rel=\"noopener\">Unsere Gegend<\/a><a href=\"http:\/\/www.valdanniviers.ch\/\" target=\"_blank\" rel=\"noopener\">, Val d&#8217;Anniviers<\/a><\/li>\n<\/ul>\n    <\/div>\n       \n<\/div>\n<\/div>\n\n\n\n<div class=\"wp-block-column is-layout-flow wp-block-column-is-layout-flow\">\n\n<div id=\"block-block_6539d2b19a7cbec837ea59e7e2c531d8\" class=\"c-block-service mb-md-60 mb-xs-40\">\n   \n    <div class=\"c-block-service__img\">\n        <img decoding=\"async\" src=\"https:\/\/le-besso.ch\/wp-content\/uploads\/sites\/7\/2021\/12\/hotel-europe-zinal-contact-acces-picto-materiel-ski.svg\" alt=\"\">\n    <\/div>\n    <div class=\"c-block-service__title\">\n        <h2 class=\"title__small\">Ihre Ausr\u00fcstung<\/h2>\n    <\/div>\n    <div class=\"c-block-service__content\">\n        <ul>\n<li style=\"text-align: center;\"><a href=\"https:\/\/www.skiset.co.uk\/partner\/rmzinal\" target=\"_blank\" rel=\"noopener\">Skiset Olympia Sports, Zinal<\/a><\/li>\n<li style=\"text-align: center;\"><a href=\"http:\/\/www.intersportrent.ch\/en\/shop\/shop\/index?select_dealer=13617\" target=\"_blank\" rel=\"noopener\">Intersport Zinal Sports, Zinal<\/a><\/li>\n<\/ul>\n    <\/div>\n       \n<\/div>\n<\/div>\n\n\n\n<div class=\"wp-block-column is-layout-flow wp-block-column-is-layout-flow\">\n\n<div id=\"block-block_3e1a2d1887a600a0b45a6e90737a8c92\" class=\"c-block-service mb-md-60 mb-xs-40\">\n   \n    <div class=\"c-block-service__img\">\n        <img decoding=\"async\" src=\"https:\/\/le-besso.ch\/wp-content\/uploads\/sites\/7\/2021\/12\/hotel-europe-zinal-contact-acces-picto-skieur.svg\" alt=\"\">\n    <\/div>\n    <div class=\"c-block-service__title\">\n        <h2 class=\"title__small\">Skischule<\/h2>\n    <\/div>\n    <div class=\"c-block-service__content\">\n        <ul>\n<li style=\"text-align: center;\"><a href=\"http:\/\/ess-zinal.ch\/\" target=\"_blank\" rel=\"noopener\">Ecole Suisse de ski, Zinal<\/a><\/li>\n<\/ul>\n    <\/div>\n       \n<\/div>\n<\/div>\n\n\n\n<div class=\"wp-block-column is-layout-flow wp-block-column-is-layout-flow\">\n\n<div id=\"block-block_e02d83628f48bb9db5d014e3af96cbf1\" class=\"c-block-service mb-md-60 mb-xs-40\">\n   \n    <div class=\"c-block-service__img\">\n        <img decoding=\"async\" src=\"https:\/\/le-besso.ch\/wp-content\/uploads\/sites\/7\/2021\/12\/hotel-europe-zinal-contact-acces-picto-partenaire.svg\" alt=\"\">\n    <\/div>\n    <div class=\"c-block-service__title\">\n        <h2 class=\"title__small\">Partnerhotels<\/h2>\n    <\/div>\n    <div class=\"c-block-service__content\">\n        <ul>\n<li style=\"text-align: center;\"><a href=\"http:\/\/cinq4000.ch\/\" target=\"_blank\" rel=\"noopener\">H\u00f4tels Cinq 4000<\/a><\/li>\n<li style=\"text-align: center;\"><a href=\"https:\/\/alpina-grimentz.com\/?skd-language-code=de\">H\u00f4tel Alpina<\/a><\/li>\n<li style=\"text-align: center;\"><a href=\"https:\/\/le-besso.ch\/?skd-language-code=de\">H\u00f4tel Le Besso<\/a><\/li>\n<li style=\"text-align: center;\"><a href=\"https:\/\/cristal-grimentz.ch\/?skd-language-code=de\">H\u00f4tel Cristal<\/a><\/li>\n<li style=\"text-align: center;\"><a href=\"https:\/\/lapointedezinal.ch\/?skd-language-code=de#notre-hotel-swiss-sport-lodge\">H\u00f4tel La Pointe<\/a><\/li>\n<\/ul>\n    <\/div>\n       \n<\/div>\n<\/div>\n<\/div>\n<\/div><\/div>\n","protected":false},"excerpt":{"rendered":"<p>Aktivit\u00e4ten<\/p>\n","protected":false},"author":1,"featured_media":0,"parent":0,"menu_order":0,"comment_status":"closed","ping_status":"closed","template":"","meta":{"_acf_changed":false,"footnotes":""},"class_list":["post-976","page","type-page","status-publish","hentry"],"acf":[],"yoast_head":"<!-- This site is optimized with the Yoast SEO plugin v26.1.1 - https:\/\/yoast.com\/wordpress\/plugins\/seo\/ -->\n<title>Hotel Val d&#039;Anniviers, entdecke unsere Angebote | Hotel Le Besso<\/title>\n<meta name=\"description\" content=\"Profitieren Sie von unseren Sonderangeboten in unserem Hotel im Herzen des Val d&#039;Anniviers. Genie\u00dfen Sie einen Familienurlaub im Zentrum von Zinal! Entdecken.\" \/>\n<meta name=\"robots\" content=\"index, follow, max-snippet:-1, max-image-preview:large, max-video-preview:-1\" \/>\n<link rel=\"canonical\" href=\"https:\/\/le-besso.ch\/de\/angebote\/\" \/>\n<meta property=\"og:locale\" content=\"de_DE\" \/>\n<meta property=\"og:type\" content=\"article\" \/>\n<meta property=\"og:title\" content=\"Hotel Val d&#039;Anniviers, entdecke unsere Angebote | Hotel Le Besso\" \/>\n<meta property=\"og:description\" content=\"Profitieren Sie von unseren Sonderangeboten in unserem Hotel im Herzen des Val d&#039;Anniviers. Genie\u00dfen Sie einen Familienurlaub im Zentrum von Zinal! Entdecken.\" \/>\n<meta property=\"og:url\" content=\"https:\/\/le-besso.ch\/de\/angebote\/\" \/>\n<meta property=\"og:site_name\" content=\"Hotel Le Besso\" \/>\n<meta property=\"article:modified_time\" content=\"2026-04-20T09:12:11+00:00\" \/>\n<meta name=\"twitter:card\" content=\"summary_large_image\" \/>\n<meta name=\"twitter:label1\" content=\"Gesch\u00e4tzte Lesezeit\" \/>\n\t<meta name=\"twitter:data1\" content=\"1\u00a0Minute\" \/>\n<script type=\"application\/ld+json\" class=\"yoast-schema-graph\">{\"@context\":\"https:\/\/schema.org\",\"@graph\":[{\"@type\":\"WebPage\",\"@id\":\"https:\/\/le-besso.ch\/de\/angebote\/\",\"url\":\"https:\/\/le-besso.ch\/de\/angebote\/\",\"name\":\"Hotel Val d'Anniviers, entdecke unsere Angebote | Hotel Le Besso\",\"isPartOf\":{\"@id\":\"https:\/\/le-besso.ch\/#website\"},\"datePublished\":\"2022-03-22T08:32:12+00:00\",\"dateModified\":\"2026-04-20T09:12:11+00:00\",\"description\":\"Profitieren Sie von unseren Sonderangeboten in unserem Hotel im Herzen des Val d'Anniviers. Genie\u00dfen Sie einen Familienurlaub im Zentrum von Zinal! Entdecken.\",\"breadcrumb\":{\"@id\":\"https:\/\/le-besso.ch\/de\/angebote\/#breadcrumb\"},\"inLanguage\":\"de\",\"potentialAction\":[{\"@type\":\"ReadAction\",\"target\":[\"https:\/\/le-besso.ch\/de\/angebote\/\"]}]},{\"@type\":\"BreadcrumbList\",\"@id\":\"https:\/\/le-besso.ch\/de\/angebote\/#breadcrumb\",\"itemListElement\":[{\"@type\":\"ListItem\",\"position\":1,\"name\":\"Accueil\",\"item\":\"https:\/\/le-besso.ch\/de\/\"},{\"@type\":\"ListItem\",\"position\":2,\"name\":\"Angebote\"}]},{\"@type\":\"WebSite\",\"@id\":\"https:\/\/le-besso.ch\/#website\",\"url\":\"https:\/\/le-besso.ch\/\",\"name\":\"Hotel Le Besso\",\"description\":\"H\u00f4tel Zinal, chalet romantique, Val d&#039;Anniviers\",\"publisher\":{\"@id\":\"https:\/\/le-besso.ch\/#organization\"},\"potentialAction\":[{\"@type\":\"SearchAction\",\"target\":{\"@type\":\"EntryPoint\",\"urlTemplate\":\"https:\/\/le-besso.ch\/?s={search_term_string}\"},\"query-input\":{\"@type\":\"PropertyValueSpecification\",\"valueRequired\":true,\"valueName\":\"search_term_string\"}}],\"inLanguage\":\"de\"},{\"@type\":\"Organization\",\"@id\":\"https:\/\/le-besso.ch\/#organization\",\"name\":\"Hotel Le Besso\",\"url\":\"https:\/\/le-besso.ch\/\",\"logo\":{\"@type\":\"ImageObject\",\"inLanguage\":\"de\",\"@id\":\"https:\/\/le-besso.ch\/#\/schema\/logo\/image\/\",\"url\":\"https:\/\/dev.le-besso.ch\/wp-content\/uploads\/sites\/7\/2022\/01\/hotel-le-besso-zinal-logo.svg\",\"contentUrl\":\"https:\/\/dev.le-besso.ch\/wp-content\/uploads\/sites\/7\/2022\/01\/hotel-le-besso-zinal-logo.svg\",\"width\":200,\"height\":100,\"caption\":\"Hotel Le Besso\"},\"image\":{\"@id\":\"https:\/\/le-besso.ch\/#\/schema\/logo\/image\/\"}}]}<\/script>\n<!-- \/ Yoast SEO plugin. -->","yoast_head_json":{"title":"Hotel Val d'Anniviers, entdecke unsere Angebote | Hotel Le Besso","description":"Profitieren Sie von unseren Sonderangeboten in unserem Hotel im Herzen des Val d'Anniviers. Genie\u00dfen Sie einen Familienurlaub im Zentrum von Zinal! Entdecken.","robots":{"index":"index","follow":"follow","max-snippet":"max-snippet:-1","max-image-preview":"max-image-preview:large","max-video-preview":"max-video-preview:-1"},"canonical":"https:\/\/le-besso.ch\/de\/angebote\/","og_locale":"de_DE","og_type":"article","og_title":"Hotel Val d'Anniviers, entdecke unsere Angebote | Hotel Le Besso","og_description":"Profitieren Sie von unseren Sonderangeboten in unserem Hotel im Herzen des Val d'Anniviers. Genie\u00dfen Sie einen Familienurlaub im Zentrum von Zinal! Entdecken.","og_url":"https:\/\/le-besso.ch\/de\/angebote\/","og_site_name":"Hotel Le Besso","article_modified_time":"2026-04-20T09:12:11+00:00","twitter_card":"summary_large_image","twitter_misc":{"Gesch\u00e4tzte Lesezeit":"1\u00a0Minute"},"schema":{"@context":"https:\/\/schema.org","@graph":[{"@type":"WebPage","@id":"https:\/\/le-besso.ch\/de\/angebote\/","url":"https:\/\/le-besso.ch\/de\/angebote\/","name":"Hotel Val d'Anniviers, entdecke unsere Angebote | Hotel Le Besso","isPartOf":{"@id":"https:\/\/le-besso.ch\/#website"},"datePublished":"2022-03-22T08:32:12+00:00","dateModified":"2026-04-20T09:12:11+00:00","description":"Profitieren Sie von unseren Sonderangeboten in unserem Hotel im Herzen des Val d'Anniviers. Genie\u00dfen Sie einen Familienurlaub im Zentrum von Zinal! Entdecken.","breadcrumb":{"@id":"https:\/\/le-besso.ch\/de\/angebote\/#breadcrumb"},"inLanguage":"de","potentialAction":[{"@type":"ReadAction","target":["https:\/\/le-besso.ch\/de\/angebote\/"]}]},{"@type":"BreadcrumbList","@id":"https:\/\/le-besso.ch\/de\/angebote\/#breadcrumb","itemListElement":[{"@type":"ListItem","position":1,"name":"Accueil","item":"https:\/\/le-besso.ch\/de\/"},{"@type":"ListItem","position":2,"name":"Angebote"}]},{"@type":"WebSite","@id":"https:\/\/le-besso.ch\/#website","url":"https:\/\/le-besso.ch\/","name":"Hotel Le Besso","description":"H\u00f4tel Zinal, chalet romantique, Val d&#039;Anniviers","publisher":{"@id":"https:\/\/le-besso.ch\/#organization"},"potentialAction":[{"@type":"SearchAction","target":{"@type":"EntryPoint","urlTemplate":"https:\/\/le-besso.ch\/?s={search_term_string}"},"query-input":{"@type":"PropertyValueSpecification","valueRequired":true,"valueName":"search_term_string"}}],"inLanguage":"de"},{"@type":"Organization","@id":"https:\/\/le-besso.ch\/#organization","name":"Hotel Le Besso","url":"https:\/\/le-besso.ch\/","logo":{"@type":"ImageObject","inLanguage":"de","@id":"https:\/\/le-besso.ch\/#\/schema\/logo\/image\/","url":"https:\/\/dev.le-besso.ch\/wp-content\/uploads\/sites\/7\/2022\/01\/hotel-le-besso-zinal-logo.svg","contentUrl":"https:\/\/dev.le-besso.ch\/wp-content\/uploads\/sites\/7\/2022\/01\/hotel-le-besso-zinal-logo.svg","width":200,"height":100,"caption":"Hotel Le Besso"},"image":{"@id":"https:\/\/le-besso.ch\/#\/schema\/logo\/image\/"}}]}},"_links":{"self":[{"href":"https:\/\/le-besso.ch\/de\/wp-json\/wp\/v2\/pages\/976","targetHints":{"allow":["GET"]}}],"collection":[{"href":"https:\/\/le-besso.ch\/de\/wp-json\/wp\/v2\/pages"}],"about":[{"href":"https:\/\/le-besso.ch\/de\/wp-json\/wp\/v2\/types\/page"}],"author":[{"embeddable":true,"href":"https:\/\/le-besso.ch\/de\/wp-json\/wp\/v2\/users\/1"}],"replies":[{"embeddable":true,"href":"https:\/\/le-besso.ch\/de\/wp-json\/wp\/v2\/comments?post=976"}],"version-history":[{"count":39,"href":"https:\/\/le-besso.ch\/de\/wp-json\/wp\/v2\/pages\/976\/revisions"}],"predecessor-version":[{"id":2078,"href":"https:\/\/le-besso.ch\/de\/wp-json\/wp\/v2\/pages\/976\/revisions\/2078"}],"wp:attachment":[{"href":"https:\/\/le-besso.ch\/de\/wp-json\/wp\/v2\/media?parent=976"}],"curies":[{"name":"wp","href":"https:\/\/api.w.org\/{rel}","templated":true}]}}